{"version":"1.0","provider_name":"Immokcostabrava","provider_url":"https:\/\/immokcostabrava.com\/fr\/","author_name":"Immok Costa Brava","author_url":"https:\/\/immokcostabrava.com\/fr\/author\/immokcostabrava\/","title":"R\u00e9f. 40\/6298 - Figueres (Vilatenim) - Immokcostabrava","type":"rich","width":600,"height":338,"html":"<blockquote class=\"wp-embedded-content\" data-secret=\"w6WcjOqYm0\"><a href=\"https:\/\/immokcostabrava.com\/fr\/propiedad\/ref-40-6298-figueres-vilatenim\/\">R\u00e9f. 40\/6298 &#8211; Figueres (Vilatenim)<\/a><\/blockquote><iframe sandbox=\"allow-scripts\" security=\"restricted\" src=\"https:\/\/immokcostabrava.com\/fr\/propiedad\/ref-40-6298-figueres-vilatenim\/embed\/#?secret=w6WcjOqYm0\" width=\"600\" height=\"338\" title=\"\u00ab\u00a0R\u00e9f. 40\/6298 &#8211; Figueres (Vilatenim)\u00a0\u00bb &#8212; Immokcostabrava\" data-secret=\"w6WcjOqYm0\" frameborder=\"0\" marginwidth=\"0\" marginheight=\"0\" scrolling=\"no\" class=\"wp-embedded-content\"><\/iframe><script>\n\/*! This file is auto-generated *\/\n!function(d,l){\"use strict\";l.querySelector&&d.addEventListener&&\"undefined\"!=typeof URL&&(d.wp=d.wp||{},d.wp.receiveEmbedMessage||(d.wp.receiveEmbedMessage=function(e){var t=e.data;if((t||t.secret||t.message||t.value)&&!\/[^a-zA-Z0-9]\/.test(t.secret)){for(var s,r,n,a=l.querySelectorAll('iframe[data-secret=\"'+t.secret+'\"]'),o=l.querySelectorAll('blockquote[data-secret=\"'+t.secret+'\"]'),c=new RegExp(\"^https?:$\",\"i\"),i=0;i<o.length;i++)o[i].style.display=\"none\";for(i=0;i<a.length;i++)s=a[i],e.source===s.contentWindow&&(s.removeAttribute(\"style\"),\"height\"===t.message?(1e3<(r=parseInt(t.value,10))?r=1e3:~~r<200&&(r=200),s.height=r):\"link\"===t.message&&(r=new URL(s.getAttribute(\"src\")),n=new URL(t.value),c.test(n.protocol))&&n.host===r.host&&l.activeElement===s&&(d.top.location.href=t.value))}},d.addEventListener(\"message\",d.wp.receiveEmbedMessage,!1),l.addEventListener(\"DOMContentLoaded\",function(){for(var e,t,s=l.querySelectorAll(\"iframe.wp-embedded-content\"),r=0;r<s.length;r++)(t=(e=s[r]).getAttribute(\"data-secret\"))||(t=Math.random().toString(36).substring(2,12),e.src+=\"#?secret=\"+t,e.setAttribute(\"data-secret\",t)),e.contentWindow.postMessage({message:\"ready\",secret:t},\"*\")},!1)))}(window,document);\n\/\/# sourceURL=https:\/\/immokcostabrava.com\/wp-includes\/js\/wp-embed.min.js\n<\/script>\n","thumbnail_url":"https:\/\/immokcostabrava.com\/wp-content\/uploads\/2026\/01\/01-24.jpg","thumbnail_width":770,"thumbnail_height":460,"description":"Duplex \u00e0 vendre \u00e0 Vilatenim Nous vous pr\u00e9sentons cet excellent duplex \u00e0 vendre \u00e0 Vilatenim, situ\u00e9 rue Duana, dans un quartier r\u00e9sidentiel calme et strat\u00e9giquement situ\u00e9. Le logement est tr\u00e8s fonctionnellement r\u00e9parti. Au rez-de-chauss\u00e9e, un hall d\u2019entr\u00e9e accueillant m\u00e8ne \u00e0 un pratique placard sous l\u2019escalier, id\u00e9al pour le rangement. Sur la gauche se trouve une ... Lire la suite"}