{"version":"1.0","provider_name":"Immokcostabrava","provider_url":"https:\/\/immokcostabrava.com\/fr\/","author_name":"Immok Costa Brava","author_url":"https:\/\/immokcostabrava.com\/fr\/author\/immokcostabrava\/","title":"R\u00e9f. 4\/6287 - Empuriabrava (Muga) - Immokcostabrava","type":"rich","width":600,"height":338,"html":"<blockquote class=\"wp-embedded-content\" data-secret=\"ebru2H7Ecu\"><a href=\"https:\/\/immokcostabrava.com\/fr\/propiedad\/ref-4-6287-empuriabrava-muga\/\">R\u00e9f. 4\/6287 &#8211; Empuriabrava (Muga)<\/a><\/blockquote><iframe sandbox=\"allow-scripts\" security=\"restricted\" src=\"https:\/\/immokcostabrava.com\/fr\/propiedad\/ref-4-6287-empuriabrava-muga\/embed\/#?secret=ebru2H7Ecu\" width=\"600\" height=\"338\" title=\"\u00ab\u00a0R\u00e9f. 4\/6287 &#8211; Empuriabrava (Muga)\u00a0\u00bb &#8212; Immokcostabrava\" data-secret=\"ebru2H7Ecu\" frameborder=\"0\" marginwidth=\"0\" marginheight=\"0\" scrolling=\"no\" class=\"wp-embedded-content\"><\/iframe><script>\n\/*! This file is auto-generated *\/\n!function(d,l){\"use strict\";l.querySelector&&d.addEventListener&&\"undefined\"!=typeof URL&&(d.wp=d.wp||{},d.wp.receiveEmbedMessage||(d.wp.receiveEmbedMessage=function(e){var t=e.data;if((t||t.secret||t.message||t.value)&&!\/[^a-zA-Z0-9]\/.test(t.secret)){for(var s,r,n,a=l.querySelectorAll('iframe[data-secret=\"'+t.secret+'\"]'),o=l.querySelectorAll('blockquote[data-secret=\"'+t.secret+'\"]'),c=new RegExp(\"^https?:$\",\"i\"),i=0;i<o.length;i++)o[i].style.display=\"none\";for(i=0;i<a.length;i++)s=a[i],e.source===s.contentWindow&&(s.removeAttribute(\"style\"),\"height\"===t.message?(1e3<(r=parseInt(t.value,10))?r=1e3:~~r<200&&(r=200),s.height=r):\"link\"===t.message&&(r=new URL(s.getAttribute(\"src\")),n=new URL(t.value),c.test(n.protocol))&&n.host===r.host&&l.activeElement===s&&(d.top.location.href=t.value))}},d.addEventListener(\"message\",d.wp.receiveEmbedMessage,!1),l.addEventListener(\"DOMContentLoaded\",function(){for(var e,t,s=l.querySelectorAll(\"iframe.wp-embedded-content\"),r=0;r<s.length;r++)(t=(e=s[r]).getAttribute(\"data-secret\"))||(t=Math.random().toString(36).substring(2,12),e.src+=\"#?secret=\"+t,e.setAttribute(\"data-secret\",t)),e.contentWindow.postMessage({message:\"ready\",secret:t},\"*\")},!1)))}(window,document);\n\/\/# sourceURL=https:\/\/immokcostabrava.com\/wp-includes\/js\/wp-embed.min.js\n<\/script>\n","thumbnail_url":"https:\/\/immokcostabrava.com\/wp-content\/uploads\/2026\/01\/01-16.jpg","thumbnail_width":770,"thumbnail_height":460,"description":"&nbsp; Appartement en premi\u00e8re ligne de mer, r\u00e9nov\u00e9, avec terrasse et vue sur la mer Appartement r\u00e9nov\u00e9 en premi\u00e8re ligne de plage avec vue sur la mer. Il dispose d\u2019un s\u00e9jour lumineux avec acc\u00e8s \u00e0 une terrasse priv\u00e9e id\u00e9ale pour se d\u00e9tendre, d\u2019une cuisine moderne ouverte, de deux chambres et d\u2019une salle de bain r\u00e9nov\u00e9e. ... Lire la suite"}