{"version":"1.0","provider_name":"Immokcostabrava","provider_url":"https:\/\/immokcostabrava.com\/fr\/","author_name":"Immok Costa Brava","author_url":"https:\/\/immokcostabrava.com\/fr\/author\/immokcostabrava\/","title":"R\u00e9f. 132 - Llan\u00e7\u00e0 - Immokcostabrava","type":"rich","width":600,"height":338,"html":"<blockquote class=\"wp-embedded-content\" data-secret=\"u7A2UHSdw8\"><a href=\"https:\/\/immokcostabrava.com\/fr\/propiedad\/ref-132-llanca\/\">R\u00e9f. 132 &#8211; Llan\u00e7\u00e0<\/a><\/blockquote><iframe sandbox=\"allow-scripts\" security=\"restricted\" src=\"https:\/\/immokcostabrava.com\/fr\/propiedad\/ref-132-llanca\/embed\/#?secret=u7A2UHSdw8\" width=\"600\" height=\"338\" title=\"\u00ab\u00a0R\u00e9f. 132 &#8211; Llan\u00e7\u00e0\u00a0\u00bb &#8212; Immokcostabrava\" data-secret=\"u7A2UHSdw8\" frameborder=\"0\" marginwidth=\"0\" marginheight=\"0\" scrolling=\"no\" class=\"wp-embedded-content\"><\/iframe><script>\n\/*! This file is auto-generated *\/\n!function(d,l){\"use strict\";l.querySelector&&d.addEventListener&&\"undefined\"!=typeof URL&&(d.wp=d.wp||{},d.wp.receiveEmbedMessage||(d.wp.receiveEmbedMessage=function(e){var t=e.data;if((t||t.secret||t.message||t.value)&&!\/[^a-zA-Z0-9]\/.test(t.secret)){for(var s,r,n,a=l.querySelectorAll('iframe[data-secret=\"'+t.secret+'\"]'),o=l.querySelectorAll('blockquote[data-secret=\"'+t.secret+'\"]'),c=new RegExp(\"^https?:$\",\"i\"),i=0;i<o.length;i++)o[i].style.display=\"none\";for(i=0;i<a.length;i++)s=a[i],e.source===s.contentWindow&&(s.removeAttribute(\"style\"),\"height\"===t.message?(1e3<(r=parseInt(t.value,10))?r=1e3:~~r<200&&(r=200),s.height=r):\"link\"===t.message&&(r=new URL(s.getAttribute(\"src\")),n=new URL(t.value),c.test(n.protocol))&&n.host===r.host&&l.activeElement===s&&(d.top.location.href=t.value))}},d.addEventListener(\"message\",d.wp.receiveEmbedMessage,!1),l.addEventListener(\"DOMContentLoaded\",function(){for(var e,t,s=l.querySelectorAll(\"iframe.wp-embedded-content\"),r=0;r<s.length;r++)(t=(e=s[r]).getAttribute(\"data-secret\"))||(t=Math.random().toString(36).substring(2,12),e.src+=\"#?secret=\"+t,e.setAttribute(\"data-secret\",t)),e.contentWindow.postMessage({message:\"ready\",secret:t},\"*\")},!1)))}(window,document);\n\/\/# sourceURL=https:\/\/immokcostabrava.com\/wp-includes\/js\/wp-embed.min.js\n<\/script>\n","thumbnail_url":"https:\/\/immokcostabrava.com\/wp-content\/uploads\/2025\/12\/1-camp-1-3-2.0.png","thumbnail_width":1000,"thumbnail_height":750,"description":"Terrain agricole \u00e0 vendre \u00e0 Llan\u00e7\u00e0 \u2013 6 561 m\u00b2 avec irrigation, serre, puits, \u00e9lectricit\u00e9 et cabanon \u00c0 vendre, excellent terrain agricole productif de 6 561 m\u00b2, situ\u00e9 \u00e0 Llan\u00e7\u00e0, dans un environnement naturel privil\u00e9gi\u00e9 et facilement accessible. Id\u00e9al pour des projets agricoles, de l\u2019horticulture, une p\u00e9pini\u00e8re ou un investissement. La propri\u00e9t\u00e9 dispose d\u2019infrastructures compl\u00e8tes, ... Lire la suite"}