{"version":"1.0","provider_name":"Immokcostabrava","provider_url":"https:\/\/immokcostabrava.com\/de\/","author_name":"Immok Costa Brava","author_url":"https:\/\/immokcostabrava.com\/de\/author\/immokcostabrava\/","title":"Ref. 40\/6356 - Figueres - Immokcostabrava","type":"rich","width":600,"height":338,"html":"<blockquote class=\"wp-embedded-content\" data-secret=\"l3iKnIoVc3\"><a href=\"https:\/\/immokcostabrava.com\/de\/propiedad\/ref-40-6356-figueres\/\">Ref. 40\/6356 &#8211; Figueres<\/a><\/blockquote><iframe sandbox=\"allow-scripts\" security=\"restricted\" src=\"https:\/\/immokcostabrava.com\/de\/propiedad\/ref-40-6356-figueres\/embed\/#?secret=l3iKnIoVc3\" width=\"600\" height=\"338\" title=\"&#8222;Ref. 40\/6356 &#8211; Figueres&#8220; &#8211; Immokcostabrava\" data-secret=\"l3iKnIoVc3\" frameborder=\"0\" marginwidth=\"0\" marginheight=\"0\" scrolling=\"no\" class=\"wp-embedded-content\"><\/iframe><script>\n\/*! This file is auto-generated *\/\n!function(d,l){\"use strict\";l.querySelector&&d.addEventListener&&\"undefined\"!=typeof URL&&(d.wp=d.wp||{},d.wp.receiveEmbedMessage||(d.wp.receiveEmbedMessage=function(e){var t=e.data;if((t||t.secret||t.message||t.value)&&!\/[^a-zA-Z0-9]\/.test(t.secret)){for(var s,r,n,a=l.querySelectorAll('iframe[data-secret=\"'+t.secret+'\"]'),o=l.querySelectorAll('blockquote[data-secret=\"'+t.secret+'\"]'),c=new RegExp(\"^https?:$\",\"i\"),i=0;i<o.length;i++)o[i].style.display=\"none\";for(i=0;i<a.length;i++)s=a[i],e.source===s.contentWindow&&(s.removeAttribute(\"style\"),\"height\"===t.message?(1e3<(r=parseInt(t.value,10))?r=1e3:~~r<200&&(r=200),s.height=r):\"link\"===t.message&&(r=new URL(s.getAttribute(\"src\")),n=new URL(t.value),c.test(n.protocol))&&n.host===r.host&&l.activeElement===s&&(d.top.location.href=t.value))}},d.addEventListener(\"message\",d.wp.receiveEmbedMessage,!1),l.addEventListener(\"DOMContentLoaded\",function(){for(var e,t,s=l.querySelectorAll(\"iframe.wp-embedded-content\"),r=0;r<s.length;r++)(t=(e=s[r]).getAttribute(\"data-secret\"))||(t=Math.random().toString(36).substring(2,12),e.src+=\"#?secret=\"+t,e.setAttribute(\"data-secret\",t)),e.contentWindow.postMessage({message:\"ready\",secret:t},\"*\")},!1)))}(window,document);\n\/\/# sourceURL=https:\/\/immokcostabrava.com\/wp-includes\/js\/wp-embed.min.js\n<\/script>\n","thumbnail_url":"https:\/\/immokcostabrava.com\/wp-content\/uploads\/2026\/03\/17-12.jpg","thumbnail_width":770,"thumbnail_height":460,"description":"Suchen Sie eine helle und ger\u00e4umige Duplexwohnung mit Au\u00dfenbereichen, die man das ganze Jahr \u00fcber genie\u00dfen kann? Wir pr\u00e4sentieren Ihnen dieses fantastische Eck-Duplex in der Stra\u00dfe Pujadas, Baujahr 2005, mit 129 m\u00b2 Wohnfl\u00e4che. Die Wohnung zeichnet sich durch hervorragenden nat\u00fcrlichen Lichteinfall und eine komfortable Aufteilung auf zwei Ebenen aus. Im Hauptgeschoss befinden sich ein einladender ... Weiterlesen"}