{"version":"1.0","provider_name":"Immokcostabrava","provider_url":"https:\/\/immokcostabrava.com\/de\/","author_name":"Immok Costa Brava","author_url":"https:\/\/immokcostabrava.com\/de\/author\/immokcostabrava\/","title":"Ref. 2\/6232 - Empuriabrava (Flamicell) - Immokcostabrava","type":"rich","width":600,"height":338,"html":"<blockquote class=\"wp-embedded-content\" data-secret=\"KuQsKVtIxZ\"><a href=\"https:\/\/immokcostabrava.com\/de\/propiedad\/ref-2-6232-empuriabrava-flamicell\/\">Ref. 2\/6232 &#8211; Empuriabrava (Flamicell)<\/a><\/blockquote><iframe sandbox=\"allow-scripts\" security=\"restricted\" src=\"https:\/\/immokcostabrava.com\/de\/propiedad\/ref-2-6232-empuriabrava-flamicell\/embed\/#?secret=KuQsKVtIxZ\" width=\"600\" height=\"338\" title=\"&#8222;Ref. 2\/6232 &#8211; Empuriabrava (Flamicell)&#8220; &#8211; Immokcostabrava\" data-secret=\"KuQsKVtIxZ\" frameborder=\"0\" marginwidth=\"0\" marginheight=\"0\" scrolling=\"no\" class=\"wp-embedded-content\"><\/iframe><script>\n\/*! This file is auto-generated *\/\n!function(d,l){\"use strict\";l.querySelector&&d.addEventListener&&\"undefined\"!=typeof URL&&(d.wp=d.wp||{},d.wp.receiveEmbedMessage||(d.wp.receiveEmbedMessage=function(e){var t=e.data;if((t||t.secret||t.message||t.value)&&!\/[^a-zA-Z0-9]\/.test(t.secret)){for(var s,r,n,a=l.querySelectorAll('iframe[data-secret=\"'+t.secret+'\"]'),o=l.querySelectorAll('blockquote[data-secret=\"'+t.secret+'\"]'),c=new RegExp(\"^https?:$\",\"i\"),i=0;i<o.length;i++)o[i].style.display=\"none\";for(i=0;i<a.length;i++)s=a[i],e.source===s.contentWindow&&(s.removeAttribute(\"style\"),\"height\"===t.message?(1e3<(r=parseInt(t.value,10))?r=1e3:~~r<200&&(r=200),s.height=r):\"link\"===t.message&&(r=new URL(s.getAttribute(\"src\")),n=new URL(t.value),c.test(n.protocol))&&n.host===r.host&&l.activeElement===s&&(d.top.location.href=t.value))}},d.addEventListener(\"message\",d.wp.receiveEmbedMessage,!1),l.addEventListener(\"DOMContentLoaded\",function(){for(var e,t,s=l.querySelectorAll(\"iframe.wp-embedded-content\"),r=0;r<s.length;r++)(t=(e=s[r]).getAttribute(\"data-secret\"))||(t=Math.random().toString(36).substring(2,12),e.src+=\"#?secret=\"+t,e.setAttribute(\"data-secret\",t)),e.contentWindow.postMessage({message:\"ready\",secret:t},\"*\")},!1)))}(window,document);\n\/\/# sourceURL=https:\/\/immokcostabrava.com\/wp-includes\/js\/wp-embed.min.js\n<\/script>\n","thumbnail_url":"https:\/\/immokcostabrava.com\/wp-content\/uploads\/2026\/01\/01-9.jpg","thumbnail_width":770,"thumbnail_height":460,"description":"Gem\u00fctliches Studio mit geschlossener Terrasse im Sektor Flamicell Dieses gem\u00fctliche Studio befindet sich in der dritten und letzten Etage eines Geb\u00e4udes ohne Aufzug und bietet Ruhe und Privatsph\u00e4re. Es liegt im Sektor Flamicell, einer praktischen und gut angebundenen Gegend, in der N\u00e4he von Einkaufsm\u00f6glichkeiten und nur 2,2 km vom Meer entfernt. Es verf\u00fcgt \u00fcber einen ... Weiterlesen"}