{"version":"1.0","provider_name":"Immokcostabrava","provider_url":"https:\/\/immokcostabrava.com\/de\/","author_name":"Immok Costa Brava","author_url":"https:\/\/immokcostabrava.com\/de\/author\/immokcostabrava\/","title":"Ref. 134 - Llan\u00e7\u00e0 (El Port) - Immokcostabrava","type":"rich","width":600,"height":338,"html":"<blockquote class=\"wp-embedded-content\" data-secret=\"xNmf8TEdIk\"><a href=\"https:\/\/immokcostabrava.com\/de\/propiedad\/ref-134-llanca-el-port\/\">Ref. 134 &#8211; Llan\u00e7\u00e0 (El Port)<\/a><\/blockquote><iframe sandbox=\"allow-scripts\" security=\"restricted\" src=\"https:\/\/immokcostabrava.com\/de\/propiedad\/ref-134-llanca-el-port\/embed\/#?secret=xNmf8TEdIk\" width=\"600\" height=\"338\" title=\"&#8222;Ref. 134 &#8211; Llan\u00e7\u00e0 (El Port)&#8220; &#8211; Immokcostabrava\" data-secret=\"xNmf8TEdIk\" frameborder=\"0\" marginwidth=\"0\" marginheight=\"0\" scrolling=\"no\" class=\"wp-embedded-content\"><\/iframe><script>\n\/*! This file is auto-generated *\/\n!function(d,l){\"use strict\";l.querySelector&&d.addEventListener&&\"undefined\"!=typeof URL&&(d.wp=d.wp||{},d.wp.receiveEmbedMessage||(d.wp.receiveEmbedMessage=function(e){var t=e.data;if((t||t.secret||t.message||t.value)&&!\/[^a-zA-Z0-9]\/.test(t.secret)){for(var s,r,n,a=l.querySelectorAll('iframe[data-secret=\"'+t.secret+'\"]'),o=l.querySelectorAll('blockquote[data-secret=\"'+t.secret+'\"]'),c=new RegExp(\"^https?:$\",\"i\"),i=0;i<o.length;i++)o[i].style.display=\"none\";for(i=0;i<a.length;i++)s=a[i],e.source===s.contentWindow&&(s.removeAttribute(\"style\"),\"height\"===t.message?(1e3<(r=parseInt(t.value,10))?r=1e3:~~r<200&&(r=200),s.height=r):\"link\"===t.message&&(r=new URL(s.getAttribute(\"src\")),n=new URL(t.value),c.test(n.protocol))&&n.host===r.host&&l.activeElement===s&&(d.top.location.href=t.value))}},d.addEventListener(\"message\",d.wp.receiveEmbedMessage,!1),l.addEventListener(\"DOMContentLoaded\",function(){for(var e,t,s=l.querySelectorAll(\"iframe.wp-embedded-content\"),r=0;r<s.length;r++)(t=(e=s[r]).getAttribute(\"data-secret\"))||(t=Math.random().toString(36).substring(2,12),e.src+=\"#?secret=\"+t,e.setAttribute(\"data-secret\",t)),e.contentWindow.postMessage({message:\"ready\",secret:t},\"*\")},!1)))}(window,document);\n\/\/# sourceURL=https:\/\/immokcostabrava.com\/wp-includes\/js\/wp-embed.min.js\n<\/script>\n","thumbnail_url":"https:\/\/immokcostabrava.com\/wp-content\/uploads\/2026\/03\/IMG_20240509_074658.jpg","thumbnail_width":600,"thumbnail_height":800,"description":"Einzigartige Gelegenheit im Port de Llan\u00e7\u00e0! Wir pr\u00e4sentieren Ihnen dieses umfangreiche Lokal-Lager mit 581 m\u00b2 bebauter Fl\u00e4che auf einem Grundst\u00fcck von 600 m\u00b2, das sich an viele Nutzungen und M\u00f6glichkeiten anpasst. Ideal f\u00fcr Lagerung, Beginn einer T\u00e4tigkeit oder sogar f\u00fcr den Wohnungsbau, bietet Ihnen dieser vielseitige Raum eine unschlagbare Gelegenheit, in einer privilegierten Lage zu ... Weiterlesen"}